{"id":152,"date":"2023-06-21T13:18:59","date_gmt":"2023-06-21T13:18:59","guid":{"rendered":"https:\/\/www.silvercare.bz\/?page_id=152"},"modified":"2023-08-08T11:47:33","modified_gmt":"2023-08-08T11:47:33","slug":"unser-service","status":"publish","type":"page","link":"https:\/\/www.silvercare.bz\/de\/unser-service","title":{"rendered":"Unser Service"},"content":{"rendered":"<p><div class=\"fusion-fullwidth fullwidth-box fusion-builder-row-1 fusion-flex-container has-pattern-background has-mask-background nonhundred-percent-fullwidth non-hundred-percent-height-scrolling\" style=\"--awb-border-radius-top-left:0px;--awb-border-radius-top-right:0px;--awb-border-radius-bottom-right:0px;--awb-border-radius-bottom-left:0px;--awb-flex-wrap:wrap;\" ><div class=\"fusion-builder-row fusion-row fusion-flex-align-items-flex-start fusion-flex-content-wrap\" style=\"max-width:1326px;margin-left: calc(-2% \/ 2 );margin-right: calc(-2% \/ 2 );\"><div class=\"fusion-layout-column fusion_builder_column fusion-builder-column-0 fusion_builder_column_1_1 1_1 fusion-flex-column\" style=\"--awb-bg-size:cover;--awb-width-large:100%;--awb-margin-top-large:10px;--awb-spacing-right-large:0.98%;--awb-margin-bottom-large:10px;--awb-spacing-left-large:0.98%;--awb-width-medium:100%;--awb-order-medium:0;--awb-spacing-right-medium:0.98%;--awb-spacing-left-medium:0.98%;--awb-width-small:100%;--awb-order-small:0;--awb-spacing-right-small:0.98%;--awb-spacing-left-small:0.98%;\"><div class=\"fusion-column-wrapper fusion-column-has-shadow fusion-flex-justify-content-flex-start fusion-content-layout-column\"><div class=\"fusion-text fusion-text-1\"><p style=\"text-align: center;\"><em><strong>Wir k\u00fcmmern uns um Familienhilfe, die in \u201cSozialberatung\u201d und \u201cKoordination der h\u00e4uslichen Pflege\u201d unterteilt ist<\/strong><\/em><\/p>\n<\/div><\/div><\/div><div class=\"fusion-layout-column fusion_builder_column fusion-builder-column-1 fusion_builder_column_1_1 1_1 fusion-flex-column\" style=\"--awb-bg-size:cover;--awb-width-large:100%;--awb-margin-top-large:10px;--awb-spacing-right-large:0.98%;--awb-margin-bottom-large:10px;--awb-spacing-left-large:0.98%;--awb-width-medium:100%;--awb-order-medium:0;--awb-spacing-right-medium:0.98%;--awb-spacing-left-medium:0.98%;--awb-width-small:100%;--awb-order-small:0;--awb-spacing-right-small:0.98%;--awb-spacing-left-small:0.98%;\"><div class=\"fusion-column-wrapper fusion-column-has-shadow fusion-flex-justify-content-flex-start fusion-content-layout-column\"><div class=\"fusion-text fusion-text-2\"><p><strong>Famili\u00e4re Unterst\u00fctzung<\/strong><\/p>\n<p>Der soziale Markt und damit die Nachfrage und das Angebot \u00f6ffentlicher und privater Dienstleistungen f\u00fcr die Person entwickeln sich st\u00e4ndig weiter. Aus diesem Grund entsteht das Projekt SILVER CARE, das sich um famili\u00e4re Unterst\u00fctzung k\u00fcmmert.<\/p>\n<p>Famili\u00e4re Unterst\u00fctzung besteht darin, Familien und Betreuern Beratung und Unterst\u00fctzung bei der t\u00e4glichen Pflege von fragilen Personen zu bieten. Durch Analyse des Bedarfs der Familie k\u00f6nnen wir effektive L\u00f6sungen empfehlen, sie bei der Erledigung von B\u00fcrokratie unterst\u00fctzen und sie auf die am besten geeignete Pflegel\u00f6sung hinweisen, sowohl in Bezug auf Zeit als auch auf Kosten, direkt oder \u00fcber ausgew\u00e4hlte Fachleute. Wir bieten auch n\u00fctzliche Informationen zu Steuer-, Gesundheits-, Subventionsrechten usw.<\/p>\n<p>Wir m\u00f6chten, dass Sie sich sicher f\u00fchlen. Die Sicherheit, Ihren Lieben in sichere H\u00e4nde zu geben, ist unser Vorrecht. Die h\u00e4usliche Pflege ist eine ernste Angelegenheit.<\/p>\n<p>In Notf\u00e4llen k\u00f6nnen auch kleine Herausforderungen un\u00fcberwindbar erscheinen. Wenn die Familienangeh\u00f6rigen die notwendige Unterst\u00fctzung nicht garantieren k\u00f6nnen oder m\u00f6chten, weil sie weit weg vom Wohnort der \u00e4lteren Person leben, k\u00f6nnen wir alle notwendigen Grundunterst\u00fctzungen und die vollst\u00e4ndige Koordination der h\u00e4uslichen Pflege mit \u00dcberwachung der Person bereitstellen und die Familienangeh\u00f6rigen \u00fcber den Zustand ihres Lieben auf dem Laufenden halten.<\/p>\n<p>Wir h\u00f6ren Ihnen zu!<\/p>\n<p>Auf der anderen Seite kommen wir alle aus Familiengeschichten, die uns wie Sie gepr\u00e4gt haben und uns weiterhin betreffen.<\/p>\n<\/div><div class=\"fusion-text fusion-text-3\"><p><strong>Sozialberatung<\/strong><\/p>\n<p>Die professionelle Sozialberatung ist v\u00f6llig kostenlos und zielt darauf ab, der Familie die grundlegenden Elemente zur Erleichterung und Optimierung der Unterst\u00fctzung bed\u00fcrftiger Personen zur Verf\u00fcgung zu stellen, um den Service so effektiv wie m\u00f6glich f\u00fcr den Betreuten, die Familie und den Betreuer zu gestalten.<\/p>\n<\/div><div class=\"accordian fusion-accordian\" style=\"--awb-border-size:1px;--awb-icon-size:16px;--awb-content-font-size:var(--awb-typography4-font-size);--awb-icon-alignment:left;--awb-hover-color:var(--awb-color2);--awb-border-color:var(--awb-color3);--awb-background-color:var(--awb-color1);--awb-divider-color:var(--awb-color3);--awb-divider-hover-color:var(--awb-color3);--awb-icon-color:var(--awb-color1);--awb-title-color:var(--awb-color8);--awb-content-color:var(--awb-color8);--awb-icon-box-color:var(--awb-color8);--awb-toggle-hover-accent-color:var(--awb-color5);--awb-title-font-family:var(--awb-typography1-font-family);--awb-title-font-weight:var(--awb-typography1-font-weight);--awb-title-font-style:var(--awb-typography1-font-style);--awb-title-font-size:16px;--awb-content-font-family:var(--awb-typography4-font-family);--awb-content-font-weight:var(--awb-typography4-font-weight);--awb-content-font-style:var(--awb-typography4-font-style);\"><div class=\"panel-group fusion-toggle-icon-boxed\" id=\"accordion-152-1\"><div class=\"fusion-panel panel-default panel-77e0850efc43d22d5 fusion-toggle-has-divider\" style=\"--awb-title-color:var(--awb-color8);\"><div class=\"panel-heading\"><h4 class=\"panel-title toggle\" id=\"toggle_77e0850efc43d22d5\"><a aria-expanded=\"false\" aria-controls=\"77e0850efc43d22d5\" role=\"button\" data-toggle=\"collapse\" data-parent=\"#accordion-152-1\" data-target=\"#77e0850efc43d22d5\" href=\"#77e0850efc43d22d5\"><span class=\"fusion-toggle-icon-wrapper\" aria-hidden=\"true\"><i class=\"fa-fusion-box active-icon awb-icon-minus\" aria-hidden=\"true\"><\/i><i class=\"fa-fusion-box inactive-icon awb-icon-plus\" aria-hidden=\"true\"><\/i><\/span><span class=\"fusion-toggle-heading\">Informationsbeschaffung<\/span><\/a><\/h4><\/div><div id=\"77e0850efc43d22d5\" class=\"panel-collapse collapse \" aria-labelledby=\"toggle_77e0850efc43d22d5\"><div class=\"panel-body toggle-content fusion-clearfix\">\n<p>Die erste Phase des Prozesses ist die Informationsbeschaffung, die auf dem Zuh\u00f6ren der pers\u00f6nlichen Geschichte, dem Verst\u00e4ndnis der Stimmungen und der famili\u00e4ren Situation, der Bewertung des Gesundheitszustands des Betreuten\/der Betreuten basiert, gegebenenfalls durch Befragung des medizinischen Personals und Quantifizierung der wirtschaftlichen Situation.<\/p>\n<p>Dann geht es zur Beschaffung der Informationen, die f\u00fcr die Integration von Unterst\u00fctzungsma\u00dfnahmen mit allen geeigneten Hilfsmitteln zur Verbesserung des Lebens der beteiligten Personen erforderlich sind. Dabei wird eine \u00dcberpr\u00fcfung der Wohnungen durchgef\u00fchrt, um die Hilfsmittel zu identifizieren, die im Rahmen einer Vereinbarung erworben werden k\u00f6nnen, sowie jene, die eine klare Gelegenheit f\u00fcr Personen darstellen und auf Sicherheit ausgerichtet sind &#8211; sowohl in Bezug auf die Gegenwart als auch auf die Zukunft des Dienstes.<\/p>\n<p>Im I.C.F.-Modell der Weltgesundheitsorganisation werden Assistenztechnologien mit reinen Unterst\u00fctzungsma\u00dfnahmen f\u00fcr Personen und Umgebungs\u00e4nderungen integriert.<\/p>\n<p>Diese drei Faktoren wirken zusammen gem\u00e4\u00df der sogenannten \u201cVier-W\u00f6rter-Gleichung\u201d:<\/p>\n<p><strong>Autonomie = Unterst\u00fctzung + Hilfsmittel + Umgebung<\/strong><\/p>\n<\/div><\/div><\/div><div class=\"fusion-panel panel-default panel-620a7f4814f0ef1eb fusion-toggle-has-divider\" style=\"--awb-title-color:var(--awb-color8);\"><div class=\"panel-heading\"><h4 class=\"panel-title toggle\" id=\"toggle_620a7f4814f0ef1eb\"><a aria-expanded=\"false\" aria-controls=\"620a7f4814f0ef1eb\" role=\"button\" data-toggle=\"collapse\" data-parent=\"#accordion-152-1\" data-target=\"#620a7f4814f0ef1eb\" href=\"#620a7f4814f0ef1eb\"><span class=\"fusion-toggle-icon-wrapper\" aria-hidden=\"true\"><i class=\"fa-fusion-box active-icon awb-icon-minus\" aria-hidden=\"true\"><\/i><i class=\"fa-fusion-box inactive-icon awb-icon-plus\" aria-hidden=\"true\"><\/i><\/span><span class=\"fusion-toggle-heading\">Bewertung und Empfehlungen<\/span><\/a><\/h4><\/div><div id=\"620a7f4814f0ef1eb\" class=\"panel-collapse collapse \" aria-labelledby=\"toggle_620a7f4814f0ef1eb\"><div class=\"panel-body toggle-content fusion-clearfix\">\n<p>Die Beraterinnen\/Koordinatorinnen bewerten die einzelne Situation aufgrund ihrer Ausbildung <strong>(professionell in der Unterst\u00fctzung von Personen, in der Verwaltung von Verfahren der sozialen Unterst\u00fctzung und Arbeitsrecht sowie dank der direkten Erfahrung in der Organisation und \u00dcberwachung mehrerer h\u00e4uslicher Unterst\u00fctzungen)<\/strong> und stellen die verschiedenen m\u00f6glichen L\u00f6sungen dar, indem sie die ideale technisch-organisatorische Seite beschreiben und die jeweiligen monatlichen Kosten quantifizieren, wobei sie immer den Verlauf der Krankheiten des Betreuten in den kommenden Monaten\/Jahren ber\u00fccksichtigen (individueller Unterst\u00fctzungsplan).<\/p>\n<\/div><\/div><\/div><\/div><\/div><\/div><\/div><div class=\"fusion-layout-column fusion_builder_column fusion-builder-column-2 fusion_builder_column_1_1 1_1 fusion-flex-column\" style=\"--awb-bg-size:cover;--awb-width-large:100%;--awb-margin-top-large:10px;--awb-spacing-right-large:0.98%;--awb-margin-bottom-large:10px;--awb-spacing-left-large:0.98%;--awb-width-medium:100%;--awb-order-medium:0;--awb-spacing-right-medium:0.98%;--awb-spacing-left-medium:0.98%;--awb-width-small:100%;--awb-order-small:0;--awb-spacing-right-small:0.98%;--awb-spacing-left-small:0.98%;\"><div class=\"fusion-column-wrapper fusion-column-has-shadow fusion-flex-justify-content-flex-start fusion-content-layout-column\"><div class=\"fusion-text fusion-text-4\"><p><strong>Koordination der h\u00e4uslichen Pflege<\/strong><\/p>\n<p>Die Unterst\u00fctzung eines Benutzers eines h\u00e4uslichen Dienstes ist ein Prozess der Integration und des Aufbaus einer vertrauensvollen Beziehung, der gegenseitiges Verst\u00e4ndnis und einen Weg voraussetzt, der sich in der globalen \u00dcbernahme der Person widerspiegelt. Der Benutzer, der den AD nutzt, ist in der Regel eine \u00e4ltere Person oder eine behinderte Person, in jedem Fall eine fragile Person mit gesundheitlichen Problemen und oft mit einer hohen Betreuungsbelastung. Zur biologischen Fragilit\u00e4t kommt die psychologische Fragilit\u00e4t derjenigen hinzu, die sich unfreiwillig an \u201cfremde\u201d Personen in ihrem famili\u00e4ren Umfeld wenden m\u00fcssen.<\/p>\n<p>Der Prozess der h\u00e4uslichen Unterst\u00fctzung weist einige Merkmale auf, die wir kurz zusammenfassen.<\/p>\n<p>Es ist ein Prozess des Verst\u00e4ndnisses der eigenen Situation durch den Benutzer<\/p>\n<p>Der Zugang zu einem h\u00e4uslichen Unterst\u00fctzungsdienst ist der Zeitpunkt, an dem das Individuum sich des radikalen Wandels bewusst wird, der seinen Alltag betrifft, sowohl unter praktisch-organisatorischen als auch psychologisch-beziehungsbezogenen Gesichtspunkten. Eine solche Ver\u00e4nderung betrifft oft auch die Familienmitglieder nicht weniger. Die offensichtliche Folge davon ist die Notwendigkeit, diese Phase auf bestm\u00f6gliche Weise zu \u00fcberwachen und zu kontrollieren, da der Erfolg des Unterst\u00fctzungsprozesses und die Integration des Individuums mit dem Dienst weitgehend davon abh\u00e4ngen k\u00f6nnen.<\/p>\n<\/div><div class=\"accordian fusion-accordian\" style=\"--awb-border-size:1px;--awb-icon-size:16px;--awb-content-font-size:var(--awb-typography4-font-size);--awb-icon-alignment:left;--awb-hover-color:var(--awb-color2);--awb-border-color:var(--awb-color3);--awb-background-color:var(--awb-color1);--awb-divider-color:var(--awb-color3);--awb-divider-hover-color:var(--awb-color3);--awb-icon-color:var(--awb-color1);--awb-title-color:var(--awb-color8);--awb-content-color:var(--awb-color8);--awb-icon-box-color:var(--awb-color8);--awb-toggle-hover-accent-color:var(--awb-color5);--awb-title-font-family:var(--awb-typography1-font-family);--awb-title-font-weight:var(--awb-typography1-font-weight);--awb-title-font-style:var(--awb-typography1-font-style);--awb-title-font-size:16px;--awb-content-font-family:var(--awb-typography4-font-family);--awb-content-font-weight:var(--awb-typography4-font-weight);--awb-content-font-style:var(--awb-typography4-font-style);\"><div class=\"panel-group fusion-toggle-icon-boxed\" id=\"accordion-152-2\"><div class=\"fusion-panel panel-default panel-43f0413c136f0b9a5 fusion-toggle-has-divider\" style=\"--awb-title-color:var(--awb-color8);\"><div class=\"panel-heading\"><h4 class=\"panel-title toggle\" id=\"toggle_43f0413c136f0b9a5\"><a aria-expanded=\"false\" aria-controls=\"43f0413c136f0b9a5\" role=\"button\" data-toggle=\"collapse\" data-parent=\"#accordion-152-2\" data-target=\"#43f0413c136f0b9a5\" href=\"#43f0413c136f0b9a5\"><span class=\"fusion-toggle-icon-wrapper\" aria-hidden=\"true\"><i class=\"fa-fusion-box active-icon awb-icon-minus\" aria-hidden=\"true\"><\/i><i class=\"fa-fusion-box inactive-icon awb-icon-plus\" aria-hidden=\"true\"><\/i><\/span><span class=\"fusion-toggle-heading\">Es ist ein Prozess des gegenseitigen Verst\u00e4ndnisses<\/span><\/a><\/h4><\/div><div id=\"43f0413c136f0b9a5\" class=\"panel-collapse collapse \" aria-labelledby=\"toggle_43f0413c136f0b9a5\"><div class=\"panel-body toggle-content fusion-clearfix\">Die \u00dcbernahme-Phase hat die grundlegende Funktion des gegenseitigen Verst\u00e4ndnisses zwischen dem neuen Benutzer und den Betreibern des Dienstes. Einerseits geht es darum, Charakter, Geschmack, Gewohnheiten sowie Erwartungen und Priorit\u00e4ten sowohl im t\u00e4glichen Leben als auch in Bezug auf die allgemeinen Prinzipien und Werte zu verstehen, die die Erfahrung der Person ausmachen; es geht auch darum, die Struktur der famili\u00e4ren Bindungen und die Erwartungen und Anforderungen der Familienmitglieder selbst zu verstehen.<\/p>\n<p>Auf der anderen Seite muss der AD-Dienst selbst f\u00fcr den Benutzer und die Familienmitglieder verst\u00e4ndlich gemacht werden, nicht nur durch das Wissen \u00fcber die Modalit\u00e4ten der Diensterbringung, sondern vor allem durch das Wissen \u00fcber die F\u00e4higkeiten der Betreiber in Bezug auf Beziehungen und operative F\u00e4higkeiten.<\/div><\/div><\/div><div class=\"fusion-panel panel-default panel-229ef997def84ecdd fusion-toggle-has-divider\" style=\"--awb-title-color:var(--awb-color8);\"><div class=\"panel-heading\"><h4 class=\"panel-title toggle\" id=\"toggle_229ef997def84ecdd\"><a aria-expanded=\"false\" aria-controls=\"229ef997def84ecdd\" role=\"button\" data-toggle=\"collapse\" data-parent=\"#accordion-152-2\" data-target=\"#229ef997def84ecdd\" href=\"#229ef997def84ecdd\"><span class=\"fusion-toggle-icon-wrapper\" aria-hidden=\"true\"><i class=\"fa-fusion-box active-icon awb-icon-minus\" aria-hidden=\"true\"><\/i><i class=\"fa-fusion-box inactive-icon awb-icon-plus\" aria-hidden=\"true\"><\/i><\/span><span class=\"fusion-toggle-heading\">Es ist ein globaler \u00dcbernahme-Prozess der Person<\/span><\/a><\/h4><\/div><div id=\"229ef997def84ecdd\" class=\"panel-collapse collapse \" aria-labelledby=\"toggle_229ef997def84ecdd\"><div class=\"panel-body toggle-content fusion-clearfix\">Eine gute erste Begegnung f\u00f6rdert die vollst\u00e4ndige \u00dcbernahme des Benutzers durch den Assistenten und gew\u00e4hrleistet eine korrekte Modulation der Eingriffe, die auf den tats\u00e4chlichen Bed\u00fcrfnissen der Person basieren und das spezifische Ziel haben, die gr\u00f6\u00dftm\u00f6gliche Autonomie zu erhalten oder wiederherzustellen und dabei auf den funktionalen und kognitiven Zustand sowie auf die emotionalen und relationalen F\u00e4higkeiten zu achten.<\/div><\/div><\/div><div class=\"fusion-panel panel-default panel-d9c517f68eaf65d54 fusion-toggle-has-divider\" style=\"--awb-title-color:var(--awb-color8);\"><div class=\"panel-heading\"><h4 class=\"panel-title toggle\" id=\"toggle_d9c517f68eaf65d54\"><a aria-expanded=\"false\" aria-controls=\"d9c517f68eaf65d54\" role=\"button\" data-toggle=\"collapse\" data-parent=\"#accordion-152-2\" data-target=\"#d9c517f68eaf65d54\" href=\"#d9c517f68eaf65d54\"><span class=\"fusion-toggle-icon-wrapper\" aria-hidden=\"true\"><i class=\"fa-fusion-box active-icon awb-icon-minus\" aria-hidden=\"true\"><\/i><i class=\"fa-fusion-box inactive-icon awb-icon-plus\" aria-hidden=\"true\"><\/i><\/span><span class=\"fusion-toggle-heading\">Es ist ein komplexer Prozess, der alle internen und externen Beteiligten einbeziehen muss<\/span><\/a><\/h4><\/div><div id=\"d9c517f68eaf65d54\" class=\"panel-collapse collapse \" aria-labelledby=\"toggle_d9c517f68eaf65d54\"><div class=\"panel-body toggle-content fusion-clearfix\">Es gibt wichtige organisatorische Gr\u00fcnde, die die Notwendigkeit betonen, die \u00dcbernahme gem\u00e4\u00df klaren Prinzipien und Verfahren zu steuern. Es handelt sich zun\u00e4chst um einen \u00e4u\u00dferst komplexen Prozess, der viele verschiedene Beteiligte umfasst, von denen jeder eine wichtige Rolle hat und kollektiv zusammenarbeiten muss. Vom Personal, das die Pflege organisiert, bis hin zu demjenigen, der sie direkt erbringt, stellt jede Figur f\u00fcr den Benutzer und seine Angeh\u00f6rigen ein Subjekt dar, das Teil seiner Lebensumgebung wird (einer Umgebung, die bis dahin nur vom Benutzer und seinen Betreuern erlebt wurde), und es ist ein Subjekt, das bekannt sein muss und mit dem er in sehr kurzer Zeit signifikant interagieren muss. Ebenso sind f\u00fcr den Service neben dem Gast auch seine Angeh\u00f6rigen und oft auch andere Subjekte im Netzwerk auf dem Gebiet (Sozialdienste, Krankenh\u00e4user usw.) wichtige Mitarbeiter, \u00fcber die es m\u00f6glich ist, die Qualit\u00e4t der Antwort auf die ausgedr\u00fcckten Bed\u00fcrfnisse zu erh\u00f6hen.<\/div><\/div><\/div><\/div><\/div><\/div><\/div><div class=\"fusion-layout-column fusion_builder_column fusion-builder-column-3 fusion_builder_column_1_1 1_1 fusion-flex-column\" style=\"--awb-padding-top:30px;--awb-bg-size:cover;--awb-width-large:100%;--awb-margin-top-large:10px;--awb-spacing-right-large:0.98%;--awb-margin-bottom-large:10px;--awb-spacing-left-large:0.98%;--awb-width-medium:100%;--awb-order-medium:0;--awb-spacing-right-medium:0.98%;--awb-spacing-left-medium:0.98%;--awb-width-small:100%;--awb-order-small:0;--awb-spacing-right-small:0.98%;--awb-spacing-left-small:0.98%;\" data-motion-effects=\"[{&quot;type&quot;:&quot;&quot;,&quot;scroll_type&quot;:&quot;transition&quot;,&quot;scroll_direction&quot;:&quot;up&quot;,&quot;transition_speed&quot;:&quot;1&quot;,&quot;fade_type&quot;:&quot;in&quot;,&quot;scale_type&quot;:&quot;up&quot;,&quot;initial_scale&quot;:&quot;1&quot;,&quot;max_scale&quot;:&quot;1.5&quot;,&quot;min_scale&quot;:&quot;0.5&quot;,&quot;initial_rotate&quot;:&quot;0&quot;,&quot;end_rotate&quot;:&quot;30&quot;,&quot;initial_blur&quot;:&quot;0&quot;,&quot;end_blur&quot;:&quot;3&quot;,&quot;start_element&quot;:&quot;top&quot;,&quot;start_viewport&quot;:&quot;bottom&quot;,&quot;end_element&quot;:&quot;bottom&quot;,&quot;end_viewport&quot;:&quot;top&quot;,&quot;mouse_effect&quot;:&quot;track&quot;,&quot;mouse_effect_direction&quot;:&quot;opposite&quot;,&quot;mouse_effect_speed&quot;:&quot;2&quot;,&quot;infinite_animation&quot;:&quot;float&quot;,&quot;infinite_animation_speed&quot;:&quot;2&quot;}]\" data-scroll-devices=\"small-visibility,medium-visibility,large-visibility\"><div class=\"fusion-column-wrapper fusion-column-has-shadow fusion-flex-justify-content-flex-start fusion-content-layout-column\"><div class=\"fusion-text fusion-text-5\"><h3 style=\"text-align: center;\">Art der Leistungen<\/h3>\n<\/div><\/div><\/div><\/div><\/div><div class=\"fusion-fullwidth fullwidth-box fusion-builder-row-2 fusion-flex-container has-pattern-background has-mask-background nonhundred-percent-fullwidth non-hundred-percent-height-scrolling\" style=\"--awb-border-radius-top-left:0px;--awb-border-radius-top-right:0px;--awb-border-radius-bottom-right:0px;--awb-border-radius-bottom-left:0px;--awb-flex-wrap:wrap;\" ><div class=\"fusion-builder-row fusion-row fusion-flex-align-items-center fusion-flex-content-wrap\" style=\"max-width:1326px;margin-left: calc(-2% \/ 2 );margin-right: calc(-2% \/ 2 );\"><div class=\"fusion-layout-column fusion_builder_column fusion-builder-column-4 fusion_builder_column_1_3 1_3 fusion-flex-column\" style=\"--awb-bg-size:cover;--awb-width-large:33.333333333333%;--awb-margin-top-large:10px;--awb-spacing-right-large:2.94%;--awb-margin-bottom-large:10px;--awb-spacing-left-large:2.94%;--awb-width-medium:33.333333333333%;--awb-order-medium:0;--awb-spacing-right-medium:2.94%;--awb-spacing-left-medium:2.94%;--awb-width-small:100%;--awb-order-small:0;--awb-spacing-right-small:0.98%;--awb-spacing-left-small:0.98%;\"><div class=\"fusion-column-wrapper fusion-column-has-shadow fusion-flex-justify-content-flex-start fusion-content-layout-column\"><div class=\"fusion-text fusion-text-6\"><ul>\n<li><strong>Anheben und Ankleiden mit hohem Pflegeaufwand<\/strong><\/li>\n<li><strong>Einfaches Anheben<\/strong><\/li>\n<li><strong>Intime Hygiene im Bett f\u00fcr nicht selbstst\u00e4ndige Personen<\/strong><\/li>\n<li><strong>Intime Hygiene im Badezimmer<\/strong><\/li>\n<li><strong>Haarpflege im Bett<\/strong><\/li>\n<li><strong>Haarpflege im Badezimmer<\/strong><\/li>\n<li><strong>Fu\u00dfpflege und gegebenenfalls Nagelschnitt<\/strong><\/li>\n<li><strong>Bad im Bett (von Kopf bis Fu\u00df)<\/strong><\/li>\n<li><strong>Bad in der Wanne<\/strong><\/li>\n<li><strong>Wiedereinsetzen ins Bett mit hohem Pflegeaufwand<\/strong><\/li>\n<li><strong>Einfaches Wiedereinsetzen ins Bett<\/strong><\/li>\n<\/ul>\n<\/div><\/div><\/div><div class=\"fusion-layout-column fusion_builder_column fusion-builder-column-5 fusion_builder_column_1_3 1_3 fusion-flex-column\" style=\"--awb-bg-size:cover;--awb-width-large:33.333333333333%;--awb-margin-top-large:10px;--awb-spacing-right-large:2.94%;--awb-margin-bottom-large:10px;--awb-spacing-left-large:2.94%;--awb-width-medium:33.333333333333%;--awb-order-medium:0;--awb-spacing-right-medium:2.94%;--awb-spacing-left-medium:2.94%;--awb-width-small:100%;--awb-order-small:0;--awb-spacing-right-small:0.98%;--awb-spacing-left-small:0.98%;\"><div class=\"fusion-column-wrapper fusion-column-has-shadow fusion-flex-justify-content-flex-start fusion-content-layout-column\"><div class=\"fusion-text fusion-text-7\"><ul>\n<li><strong>Komplexe assistierte Gehf\u00e4higkeit<\/strong><\/li>\n<li><strong>Einfache assistierte Gehf\u00e4higkeit<\/strong><\/li>\n<li><strong>Komplexe Mobilisierung im Bett<\/strong><\/li>\n<li><strong>Einfache Mobilisierung im Bett<\/strong><\/li>\n<li><strong>Komplexe Mobilisierung im Rollstuhl<\/strong><\/li>\n<li><strong>Einfache Mobilisierung im Rollstuhl<\/strong><\/li>\n<li><strong>Mahlzeitenzubereitung<\/strong><\/li>\n<li><strong>Zubereitung und Hilfe bei der Nahrungsaufnahme<\/strong><\/li>\n<li><strong>Gew\u00f6hnliche Umwelthygiene<\/strong><\/li>\n<li><strong>W\u00e4sche und B\u00fcgeln zu Hause<\/strong><\/li>\n<li><strong>Au\u00dferordentliche W\u00e4scheordnung<\/strong><\/li>\n<li><strong>Begleitung (Einkauf, Auftr\u00e4ge)<\/strong><\/li>\n<\/ul>\n<\/div><\/div><\/div><div class=\"fusion-layout-column fusion_builder_column fusion-builder-column-6 fusion_builder_column_1_3 1_3 fusion-flex-column\" style=\"--awb-bg-size:cover;--awb-width-large:33.333333333333%;--awb-margin-top-large:10px;--awb-spacing-right-large:2.94%;--awb-margin-bottom-large:10px;--awb-spacing-left-large:2.94%;--awb-width-medium:33.333333333333%;--awb-order-medium:0;--awb-spacing-right-medium:2.94%;--awb-spacing-left-medium:2.94%;--awb-width-small:100%;--awb-order-small:0;--awb-spacing-right-small:0.98%;--awb-spacing-left-small:0.98%;\"><div class=\"fusion-column-wrapper fusion-column-has-shadow fusion-flex-justify-content-flex-start fusion-content-layout-column\"><div class=\"fusion-image-element \" style=\"--awb-caption-title-font-family:var(--h2_typography-font-family);--awb-caption-title-font-weight:var(--h2_typography-font-weight);--awb-caption-title-font-style:var(--h2_typography-font-style);--awb-caption-title-size:var(--h2_typography-font-size);--awb-caption-title-transform:var(--h2_typography-text-transform);--awb-caption-title-line-height:var(--h2_typography-line-height);--awb-caption-title-letter-spacing:var(--h2_typography-letter-spacing);\"><span class=\" fusion-imageframe imageframe-none imageframe-1 hover-type-none fusion-animated\" data-animationType=\"slideInRight\" data-animationDuration=\"0.6\" data-animationOffset=\"top-into-view\"><img decoding=\"async\" width=\"600\" height=\"600\" title=\"silver-care-assistenza-domiciliare-badante-anziani-bressanone-bz-nostro-servizio\" src=\"https:\/\/www.silvercare.bz\/wp-content\/uploads\/silver-care-assistenza-domiciliare-badante-anziani-bressanone-bz-nostro-servizio.jpg\" alt class=\"img-responsive wp-image-144\" srcset=\"https:\/\/www.silvercare.bz\/wp-content\/uploads\/silver-care-assistenza-domiciliare-badante-anziani-bressanone-bz-nostro-servizio-200x200.jpg 200w, https:\/\/www.silvercare.bz\/wp-content\/uploads\/silver-care-assistenza-domiciliare-badante-anziani-bressanone-bz-nostro-servizio-400x400.jpg 400w, https:\/\/www.silvercare.bz\/wp-content\/uploads\/silver-care-assistenza-domiciliare-badante-anziani-bressanone-bz-nostro-servizio.jpg 600w\" sizes=\"(max-width: 640px) 100vw, 600px\" \/><\/span><\/div><\/div><\/div><\/div><\/div><\/p>\n","protected":false},"excerpt":{"rendered":"","protected":false},"author":1,"featured_media":0,"parent":0,"menu_order":0,"comment_status":"closed","ping_status":"closed","template":"","meta":[],"_links":{"self":[{"href":"https:\/\/www.silvercare.bz\/de\/wp-json\/wp\/v2\/pages\/152"}],"collection":[{"href":"https:\/\/www.silvercare.bz\/de\/wp-json\/wp\/v2\/pages"}],"about":[{"href":"https:\/\/www.silvercare.bz\/de\/wp-json\/wp\/v2\/types\/page"}],"author":[{"embeddable":true,"href":"https:\/\/www.silvercare.bz\/de\/wp-json\/wp\/v2\/users\/1"}],"replies":[{"embeddable":true,"href":"https:\/\/www.silvercare.bz\/de\/wp-json\/wp\/v2\/comments?post=152"}],"version-history":[{"count":4,"href":"https:\/\/www.silvercare.bz\/de\/wp-json\/wp\/v2\/pages\/152\/revisions"}],"predecessor-version":[{"id":189,"href":"https:\/\/www.silvercare.bz\/de\/wp-json\/wp\/v2\/pages\/152\/revisions\/189"}],"wp:attachment":[{"href":"https:\/\/www.silvercare.bz\/de\/wp-json\/wp\/v2\/media?parent=152"}],"curies":[{"name":"wp","href":"https:\/\/api.w.org\/{rel}","templated":true}]}}